{"id":355,"date":"2019-06-20T17:05:13","date_gmt":"2019-06-20T17:05:13","guid":{"rendered":"http:\/\/mv-harthausen.de\/?page_id=355"},"modified":"2019-07-13T08:52:45","modified_gmt":"2019-07-13T08:52:45","slug":"konzertprogramme-jugendkapelle","status":"publish","type":"page","link":"http:\/\/mv-harthausen.de\/?page_id=355","title":{"rendered":"Konzertprogramme Jugendkapelle 2002 &#8211; 2013"},"content":{"rendered":"\n<h3 class=\"wp-block-heading\">Fr\u00fchjahrskonzert, Ostersonntag 31. M\u00e4rz 2013<\/h3>\n\n\n\n<table id=\"tablepress-52\" class=\"tablepress tablepress-id-52\">\n<tbody class=\"row-striping row-hover\">\n<tr class=\"row-1\">\n\t<td class=\"column-1\"><b>Jugendkapelle<\/b><\/td><td class=\"column-2\"><b>Leitung: Anna Maria Mauz<\/b><\/td>\n<\/tr>\n<tr class=\"row-2\">\n\t<td class=\"column-1\">Equinox<\/td><td class=\"column-2\">Huckeby<\/td>\n<\/tr>\n<tr class=\"row-3\">\n\t<td class=\"column-1\">The Best of Mozart<\/td><td class=\"column-2\">Mozart, arr. Ummels<\/td>\n<\/tr>\n<tr class=\"row-4\">\n\t<td class=\"column-1\">Neuer Schwung<\/td><td class=\"column-2\">Schad<\/td>\n<\/tr>\n<tr class=\"row-5\">\n\t<td class=\"column-1\">We will rock you<\/td><td class=\"column-2\">Queen<\/td>\n<\/tr>\n<\/tbody>\n<\/table>\n<!-- #tablepress-52 from cache -->\n\n\n\n<h3 class=\"wp-block-heading\">Fr\u00fchjahrskonzert, Ostersonntag 08. April 2012<\/h3>\n\n\n\n<table id=\"tablepress-51\" class=\"tablepress tablepress-id-51\">\n<tbody class=\"row-striping row-hover\">\n<tr class=\"row-1\">\n\t<td class=\"column-1\"><b>Jugendkapelle<\/b><\/td><td class=\"column-2\"><b><br \/>\nLeitung: Anna Maria Mauz<\/b><\/td>\n<\/tr>\n<tr class=\"row-2\">\n\t<td class=\"column-1\">Conquest of Paradise<\/td><td class=\"column-2\">Vangelis \/ Sebregts<\/td>\n<\/tr>\n<tr class=\"row-3\">\n\t<td class=\"column-1\">Tales of a distant star<\/td><td class=\"column-2\">Wada<\/td>\n<\/tr>\n<tr class=\"row-4\">\n\t<td class=\"column-1\">Alamo<\/td><td class=\"column-2\">King<\/td>\n<\/tr>\n<tr class=\"row-5\">\n\t<td class=\"column-1\">Marbella<\/td><td class=\"column-2\">Sorbon<\/td>\n<\/tr>\n<\/tbody>\n<\/table>\n<!-- #tablepress-51 from cache -->\n\n\n\n<h3 class=\"wp-block-heading\">Kirchenkonzert, Sonntag 18. Dezember 2011<\/h3>\n\n\n\n<table id=\"tablepress-50\" class=\"tablepress tablepress-id-50\">\n<tbody class=\"row-striping row-hover\">\n<tr class=\"row-1\">\n\t<td class=\"column-1\"><b>Jugendkapelle<\/b><\/td><td class=\"column-2\"><b><br \/>\nLeitung: Anna Maria Mauz<\/b><\/td>\n<\/tr>\n<tr class=\"row-2\">\n\t<td class=\"column-1\">Keep moving on<\/td><td class=\"column-2\">Sacks\/Kraeydonck<\/td>\n<\/tr>\n<tr class=\"row-3\">\n\t<td class=\"column-1\">Fantasia<\/td><td class=\"column-2\">G\u00e4ble<\/td>\n<\/tr>\n<\/tbody>\n<\/table>\n<!-- #tablepress-50 from cache -->\n\n\n\n<h3 class=\"wp-block-heading\">Fr\u00fchjahrskonzert, Ostersonntag 24. April 2011<\/h3>\n\n\n\n<table id=\"tablepress-49\" class=\"tablepress tablepress-id-49\">\n<tbody class=\"row-striping row-hover\">\n<tr class=\"row-1\">\n\t<td class=\"column-1\"><b>Jugendkapelle<\/b><\/td><td class=\"column-2\"><b><br \/>\nLeitung: Anna Maria Mauz<\/b><\/td>\n<\/tr>\n<tr class=\"row-2\">\n\t<td class=\"column-1\">The Young Amadeus<\/td><td class=\"column-2\">Mozart\/Parker\/Haan<\/td>\n<\/tr>\n<tr class=\"row-3\">\n\t<td class=\"column-1\">Highlights from Shrek 2<\/td><td class=\"column-2\">Brown<\/td>\n<\/tr>\n<tr class=\"row-4\">\n\t<td class=\"column-1\">Marbella<\/td><td class=\"column-2\">Sorbon<\/td>\n<\/tr>\n<tr class=\"row-5\">\n\t<td class=\"column-1\">Dr. Rockenstein<\/td><td class=\"column-2\">Hodges<\/td>\n<\/tr>\n<\/tbody>\n<\/table>\n<!-- #tablepress-49 from cache -->\n\n\n\n<h3 class=\"wp-block-heading\">Sch\u00fclervorspiel, Sonntag 21. November 2010<\/h3>\n\n\n\n<table id=\"tablepress-48\" class=\"tablepress tablepress-id-48\">\n<tbody class=\"row-striping row-hover\">\n<tr class=\"row-1\">\n\t<td class=\"column-1\"><b>Jugendkapelle<\/b><\/td><td class=\"column-2\"><b>Leitung: Anna Maria Mauz<\/b><\/td>\n<\/tr>\n<tr class=\"row-2\">\n\t<td class=\"column-1\">You are wonderful<\/td><td class=\"column-2\">Sorbon<\/td>\n<\/tr>\n<tr class=\"row-3\">\n\t<td class=\"column-1\">Auf zum Start<\/td><td class=\"column-2\">Tuschla<\/td>\n<\/tr>\n<\/tbody>\n<\/table>\n<!-- #tablepress-48 from cache -->\n\n\n\n<h3 class=\"wp-block-heading\">Fr\u00fchjahrskonzert, Ostersonntag 04. April 2010<\/h3>\n\n\n\n<table id=\"tablepress-47\" class=\"tablepress tablepress-id-47\">\n<tbody class=\"row-striping row-hover\">\n<tr class=\"row-1\">\n\t<td class=\"column-1\"><b>Mini-Jumu<\/b><\/td><td class=\"column-2\"><b><br \/>\nLeitung: Oliver Conzelmann<\/b><\/td>\n<\/tr>\n<tr class=\"row-2\">\n\t<td class=\"column-1\">Der erste Schritt<\/td><td class=\"column-2\">Hans Kolditz<\/td>\n<\/tr>\n<tr class=\"row-3\">\n\t<td class=\"column-1\">Songs Children Love<\/td><td class=\"column-2\">arr. M. Pratt<\/td>\n<\/tr>\n<tr class=\"row-4\">\n\t<td class=\"column-1\">The Roadrunner<\/td><td class=\"column-2\"><\/td>\n<\/tr>\n<tr class=\"row-5\">\n\t<td class=\"column-1\"><\/td><td class=\"column-2\"><\/td>\n<\/tr>\n<tr class=\"row-6\">\n\t<td class=\"column-1\"><b>Jugendkapelle<\/b><\/td><td class=\"column-2\"><b>Leitung: Angelina Mohr<\/b><\/td>\n<\/tr>\n<tr class=\"row-7\">\n\t<td class=\"column-1\">My heart will go on<\/td><td class=\"column-2\">J. Horner<\/td>\n<\/tr>\n<tr class=\"row-8\">\n\t<td class=\"column-1\">You are wonderful<\/td><td class=\"column-2\">K. Sorbon<\/td>\n<\/tr>\n<tr class=\"row-9\">\n\t<td class=\"column-1\">Can you feel the love tonight<\/td><td class=\"column-2\">E. John<\/td>\n<\/tr>\n<tr class=\"row-10\">\n\t<td class=\"column-1\">Die glorreichen Sieben<\/td><td class=\"column-2\">Elmer Bernstein, arr. J. Bullock<\/td>\n<\/tr>\n<\/tbody>\n<\/table>\n<!-- #tablepress-47 from cache -->\n\n\n\n<h3 class=\"wp-block-heading\">Sch\u00fclervorspiel, Sonntag 22. Nov. 2009<\/h3>\n\n\n\n<table id=\"tablepress-46\" class=\"tablepress tablepress-id-46\">\n<tbody class=\"row-striping row-hover\">\n<tr class=\"row-1\">\n\t<td class=\"column-1\"><b>Mini-Jumu<\/b><\/td><td class=\"column-2\"><b><br \/>\nLeitung: Oliver Conzelmann<\/b><\/td>\n<\/tr>\n<tr class=\"row-2\">\n\t<td class=\"column-1\">Songs Children Love<\/td><td class=\"column-2\"><\/td>\n<\/tr>\n<tr class=\"row-3\">\n\t<td class=\"column-1\">The Roadrunner<\/td><td class=\"column-2\"><\/td>\n<\/tr>\n<tr class=\"row-4\">\n\t<td class=\"column-1\"><\/td><td class=\"column-2\"><\/td>\n<\/tr>\n<tr class=\"row-5\">\n\t<td class=\"column-1\"><b>Jugendkapelle<\/b><\/td><td class=\"column-2\"><b><br \/>\nLeitung: Angelina Mohr<\/b><\/td>\n<\/tr>\n<tr class=\"row-6\">\n\t<td class=\"column-1\">Andrew Lloyd Webber in Concert<\/td><td class=\"column-2\"><br \/>\narr. Michael Sweeney<\/td>\n<\/tr>\n<tr class=\"row-7\">\n\t<td class=\"column-1\">Nessaja<\/td><td class=\"column-2\"><br \/>\nPeter Maffay, arr. Kurt G\u00e4ble<\/td>\n<\/tr>\n<\/tbody>\n<\/table>\n<!-- #tablepress-46 from cache -->\n\n\n\n<h3 class=\"wp-block-heading\">Fr\u00fchjahrskonzert, Ostersonntag 12. April 2009<\/h3>\n\n\n\n<table id=\"tablepress-45\" class=\"tablepress tablepress-id-45\">\n<tbody class=\"row-striping row-hover\">\n<tr class=\"row-1\">\n\t<td class=\"column-1\"><b>Jugendkapelle<\/b><\/td><td class=\"column-2\"><b><br \/>\nLeitung: Angelina Mohr<\/b><\/td>\n<\/tr>\n<tr class=\"row-2\">\n\t<td class=\"column-1\">Black Forest Fantasy<\/td><td class=\"column-2\"><br \/>\nKlaus Butterstein<\/td>\n<\/tr>\n<tr class=\"row-3\">\n\t<td class=\"column-1\">Highlights from \"Carmen\"<\/td><td class=\"column-2\"><br \/>\nGeorges Bizet, arr. M. Williams<\/td>\n<\/tr>\n<tr class=\"row-4\">\n\t<td class=\"column-1\">Zauberland<\/td><td class=\"column-2\"><br \/>\nKurt G\u00e4ble<\/td>\n<\/tr>\n<tr class=\"row-5\">\n\t<td class=\"column-1\">Heal the World<\/td><td class=\"column-2\"><br \/>\nMichael Jackson<\/td>\n<\/tr>\n<\/tbody>\n<\/table>\n<!-- #tablepress-45 from cache -->\n\n\n\n<h3 class=\"wp-block-heading\">Kirchenkonzert, Sonntag 21. Dezember 2008<\/h3>\n\n\n\n<table id=\"tablepress-44\" class=\"tablepress tablepress-id-44\">\n<tbody class=\"row-striping row-hover\">\n<tr class=\"row-1\">\n\t<td class=\"column-1\"><b>Jugendkapelle und Mini-Jumu<\/b><\/td><td class=\"column-2\"><b><br \/>\nLeitung: Anna Maria Mauz, Oliver Conzelmann<\/b><\/td>\n<\/tr>\n<tr class=\"row-2\">\n\t<td class=\"column-1\">The Little Drummer Boy<\/td><td class=\"column-2\"><br \/>\ntrad., arr. K. Vlak<\/td>\n<\/tr>\n<tr class=\"row-3\">\n\t<td class=\"column-1\">All for Love<\/td><td class=\"column-2\"><br \/>\nBryan Adams, arr. J. v. Kraeydonck<\/td>\n<\/tr>\n<\/tbody>\n<\/table>\n<!-- #tablepress-44 from cache -->\n\n\n\n<h3 class=\"wp-block-heading\">Fr\u00fchjahrskonzert, Ostersonntag 23. M\u00e4rz 2008<\/h3>\n\n\n\n<table id=\"tablepress-43\" class=\"tablepress tablepress-id-43\">\n<tbody class=\"row-striping row-hover\">\n<tr class=\"row-1\">\n\t<td class=\"column-1\"><b>Mini-Jumu<\/b><\/td><td class=\"column-2\"><b>Leitung: Oliver Conzelmann<\/b><\/td>\n<\/tr>\n<tr class=\"row-2\">\n\t<td class=\"column-1\">Irish Folk Dance<\/td><td class=\"column-2\"><\/td>\n<\/tr>\n<tr class=\"row-3\">\n\t<td class=\"column-1\">Hymne von Wales<\/td><td class=\"column-2\"><\/td>\n<\/tr>\n<tr class=\"row-4\">\n\t<td class=\"column-1\"><\/td><td class=\"column-2\"><\/td>\n<\/tr>\n<tr class=\"row-5\">\n\t<td class=\"column-1\"><b>Jugendkapelle<\/b><\/td><td class=\"column-2\"><b>Leitung: Anna Maria Mauz<\/b><\/td>\n<\/tr>\n<tr class=\"row-6\">\n\t<td class=\"column-1\">Auf zum Start<\/td><td class=\"column-2\">Walter Tuschla<\/td>\n<\/tr>\n<tr class=\"row-7\">\n\t<td class=\"column-1\">Einsamer Hirte<\/td><td class=\"column-2\">James Last, arr. J. Treves<\/td>\n<\/tr>\n<tr class=\"row-8\">\n\t<td class=\"column-1\">Easy Pop Suite<\/td><td class=\"column-2\">Dizzy Stratford<\/td>\n<\/tr>\n<tr class=\"row-9\">\n\t<td class=\"column-1\">Heal the World<\/td><td class=\"column-2\">Michael Jackson<\/td>\n<\/tr>\n<\/tbody>\n<\/table>\n<!-- #tablepress-43 from cache -->\n\n\n\n<h3 class=\"wp-block-heading\">Sch\u00fclervorspiel, Sonntag 25. November 2007<\/h3>\n\n\n\n<table id=\"tablepress-42\" class=\"tablepress tablepress-id-42\">\n<tbody class=\"row-striping row-hover\">\n<tr class=\"row-1\">\n\t<td class=\"column-1\"><b>Jugendkapelle<\/b><\/td><td class=\"column-2\"><b>Leitung: Jochen Rieber<\/b><\/td>\n<\/tr>\n<tr class=\"row-2\">\n\t<td class=\"column-1\">Andrew Lloyd Webber in Concert<\/td><td class=\"column-2\">arr. Michael Sweeney<\/td>\n<\/tr>\n<tr class=\"row-3\">\n\t<td class=\"column-1\">One moment in time<\/td><td class=\"column-2\">Hammond\/Bettis, arr. J. Higgins<\/td>\n<\/tr>\n<tr class=\"row-4\">\n\t<td class=\"column-1\">Heal the world<\/td><td class=\"column-2\">Michael Jackson, arr. Jan van Kraeydonck<\/td>\n<\/tr>\n<\/tbody>\n<\/table>\n<!-- #tablepress-42 from cache -->\n\n\n\n<h3 class=\"wp-block-heading\">Jugendkonzert in Bitz, Sonntag 18. November 2007<\/h3>\n\n\n\n<table id=\"tablepress-41\" class=\"tablepress tablepress-id-41\">\n<tbody class=\"row-striping row-hover\">\n<tr class=\"row-1\">\n\t<td class=\"column-1\"><b>Jugendkapelle<\/b><\/td><td class=\"column-2\"><b>Leitung: Jochen Rieber<\/b><\/td>\n<\/tr>\n<tr class=\"row-2\">\n\t<td class=\"column-1\">Andrew Lloyd Webber in Concert<\/td><td class=\"column-2\">arr. Michael Sweeney<\/td>\n<\/tr>\n<tr class=\"row-3\">\n\t<td class=\"column-1\">Ich und mein Schlagzeug<\/td><td class=\"column-2\">Paul Biste<\/td>\n<\/tr>\n<tr class=\"row-4\">\n\t<td class=\"column-1\">One moment in time<\/td><td class=\"column-2\">Hammond\/Bettis, arr. J. Higgins<\/td>\n<\/tr>\n<\/tbody>\n<\/table>\n<!-- #tablepress-41 from cache -->\n\n\n\n<h3 class=\"wp-block-heading\">Fr\u00fchjahrskonzert, Ostersonntag 08. April 2007<\/h3>\n\n\n\n<table id=\"tablepress-40\" class=\"tablepress tablepress-id-40\">\n<tbody class=\"row-striping row-hover\">\n<tr class=\"row-1\">\n\t<td class=\"column-1\"><b>Jugendkapelle<\/b><\/td><td class=\"column-2\"><b><br \/>\nLeitung: Jochen Rieber<\/b><\/td>\n<\/tr>\n<tr class=\"row-2\">\n\t<td class=\"column-1\">Die glorreichen Sieben<\/td><td class=\"column-2\">Elmer Bernstein, arr. J. Bullock<\/td>\n<\/tr>\n<tr class=\"row-3\">\n\t<td class=\"column-1\">Ein Abend im Ballett<\/td><td class=\"column-2\">Peter I. Tschaikowsky, arr. J. Curnow<\/td>\n<\/tr>\n<tr class=\"row-4\">\n\t<td class=\"column-1\">Ich und mein Schlagzeug<\/td><td class=\"column-2\">Paul Biste<\/td>\n<\/tr>\n<tr class=\"row-5\">\n\t<td class=\"column-1\">Oh Happy Day<\/td><td class=\"column-2\">arr. Dennis Armitage<\/td>\n<\/tr>\n<tr class=\"row-6\">\n\t<td class=\"column-1\">Smoke on the water (E-Gitarre: Sebastian Pfaff)<\/td><td class=\"column-2\">arr. Mike Sutherland<\/td>\n<\/tr>\n<\/tbody>\n<\/table>\n<!-- #tablepress-40 from cache -->\n\n\n\n<h3 class=\"wp-block-heading\">Sch\u00fclervorspiel, Sonntag 26. November 2006<\/h3>\n\n\n\n<table id=\"tablepress-39\" class=\"tablepress tablepress-id-39\">\n<tbody class=\"row-striping row-hover\">\n<tr class=\"row-1\">\n\t<td class=\"column-1\"><b>Jugendkapelle<\/b><\/td><td class=\"column-2\"><b><br \/>\nLeitung: Jochen Rieber<\/b><\/td>\n<\/tr>\n<tr class=\"row-2\">\n\t<td class=\"column-1\">Heal the world<\/td><td class=\"column-2\">Michael Jackson, arr. Jan van Kraeydonck<\/td>\n<\/tr>\n<tr class=\"row-3\">\n\t<td class=\"column-1\">Smoke on the water<\/td><td class=\"column-2\">arr. Mike Sutherland<\/td>\n<\/tr>\n<tr class=\"row-4\">\n\t<td class=\"column-1\">Andrew Lloyd Webber in Concert<\/td><td class=\"column-2\">arr. Michael Sweeney<\/td>\n<\/tr>\n<\/tbody>\n<\/table>\n<!-- #tablepress-39 from cache -->\n\n\n\n<h3 class=\"wp-block-heading\">Fr\u00fchjahrskonzert, Ostersonntag 16. April 2006<\/h3>\n\n\n\n<table id=\"tablepress-38\" class=\"tablepress tablepress-id-38\">\n<tbody class=\"row-striping row-hover\">\n<tr class=\"row-1\">\n\t<td class=\"column-1\"><b>Jugendkapelle<\/b><\/td><td class=\"column-2\"><b>Leitung: Jochen Rieber<\/b><\/td>\n<\/tr>\n<tr class=\"row-2\">\n\t<td class=\"column-1\">The Young Amadeus<\/td><td class=\"column-2\">Elton John<\/td>\n<\/tr>\n<tr class=\"row-3\">\n\t<td class=\"column-1\">The Lion King<\/td><td class=\"column-2\">Elton John<\/td>\n<\/tr>\n<tr class=\"row-4\">\n\t<td class=\"column-1\">Choral and Beat for Band<\/td><td class=\"column-2\">Hermann Kahlenbach<\/td>\n<\/tr>\n<tr class=\"row-5\">\n\t<td class=\"column-1\">Sweet Caroline<\/td><td class=\"column-2\">N. Diamond, arr. Enzo da Rold<\/td>\n<\/tr>\n<tr class=\"row-6\">\n\t<td class=\"column-1\">Derby Time<\/td><td class=\"column-2\">Georg Stich<\/td>\n<\/tr>\n<\/tbody>\n<\/table>\n<!-- #tablepress-38 from cache -->\n\n\n\n<h3 class=\"wp-block-heading\">Kirchenkonzert, Samstag 18. Dezember 2005<\/h3>\n\n\n\n<table id=\"tablepress-37\" class=\"tablepress tablepress-id-37\">\n<tbody class=\"row-striping row-hover\">\n<tr class=\"row-1\">\n\t<td class=\"column-1\"><b>Jugendkapelle<\/b><\/td><td class=\"column-2\"><b>Leitung: Anna Mauz<\/b><\/td>\n<\/tr>\n<tr class=\"row-2\">\n\t<td class=\"column-1\">Leise rieselt der Schnee<\/td><td class=\"column-2\">trad.<\/td>\n<\/tr>\n<tr class=\"row-3\">\n\t<td class=\"column-1\">White Christmas<\/td><td class=\"column-2\">Irving Berlin, arr. K. Sorbon<\/td>\n<\/tr>\n<tr class=\"row-4\">\n\t<td class=\"column-1\">One moment in time<\/td><td class=\"column-2\">Hammond\/Bettis, arr. J. Higgins<\/td>\n<\/tr>\n<\/tbody>\n<\/table>\n<!-- #tablepress-37 from cache -->\n\n\n\n<h3 class=\"wp-block-heading\">Sch\u00fclervorspiel, Sonntag 20. November 2005<\/h3>\n\n\n\n<table id=\"tablepress-36\" class=\"tablepress tablepress-id-36\">\n<tbody class=\"row-striping row-hover\">\n<tr class=\"row-1\">\n\t<td class=\"column-1\"><b>Jugendkapelle<\/b><\/td><td class=\"column-2\"><b>Leitung: Anna Mauz<\/b><\/td>\n<\/tr>\n<tr class=\"row-2\">\n\t<td class=\"column-1\">Cette annee la<\/td><td class=\"column-2\">Gaudio\/Parker, arr. E. Vireton<\/td>\n<\/tr>\n<tr class=\"row-3\">\n\t<td class=\"column-1\">Dr. Rockenstein<\/td><td class=\"column-2\">arr. Steve Hodges<\/td>\n<\/tr>\n<\/tbody>\n<\/table>\n<!-- #tablepress-36 from cache -->\n\n\n\n<h3 class=\"wp-block-heading\">Fr\u00fchjahrskonzert, Ostersonntag 27. M\u00e4rz 2005<\/h3>\n\n\n\n<table id=\"tablepress-35\" class=\"tablepress tablepress-id-35\">\n<tbody class=\"row-striping row-hover\">\n<tr class=\"row-1\">\n\t<td class=\"column-1\"><b>Jugendkapelle<\/b><\/td><td class=\"column-2\"><b>Leitung: Jochen Rieber<\/b><\/td>\n<\/tr>\n<tr class=\"row-2\">\n\t<td class=\"column-1\">The castle of Bray<\/td><td class=\"column-2\">Kees Vlak<\/td>\n<\/tr>\n<tr class=\"row-3\">\n\t<td class=\"column-1\">Nessaja<\/td><td class=\"column-2\">Peter Maffay, arr. Kurt G\u00e4ble<\/td>\n<\/tr>\n<tr class=\"row-4\">\n\t<td class=\"column-1\">The closest thing to crazy (Gesang: Petra Pfaff)<\/td><td class=\"column-2\">Mike Batt, arr. Jochen Rieber<\/td>\n<\/tr>\n<tr class=\"row-5\">\n\t<td class=\"column-1\">The Pink Panther<\/td><td class=\"column-2\">Henri Mancini, arr. John Edmondson<\/td>\n<\/tr>\n<tr class=\"row-6\">\n\t<td class=\"column-1\">Happy Marching Band<\/td><td class=\"column-2\">arr. Siegfried Rundel<\/td>\n<\/tr>\n<\/tbody>\n<\/table>\n<!-- #tablepress-35 from cache -->\n\n\n\n<h3 class=\"wp-block-heading\">Sch\u00fclervorspiel, Sonntag 21. November 2004<\/h3>\n\n\n\n<table id=\"tablepress-34\" class=\"tablepress tablepress-id-34\">\n<tbody class=\"row-striping row-hover\">\n<tr class=\"row-1\">\n\t<td class=\"column-1\"><b>Jugendkapelle<\/b><\/td><td class=\"column-2\"><b>Leitung: Jochen Rieber<\/b><\/td>\n<\/tr>\n<tr class=\"row-2\">\n\t<td class=\"column-1\">Bill Bailey's Soft Shoe<\/td><td class=\"column-2\"><\/td>\n<\/tr>\n<tr class=\"row-3\">\n\t<td class=\"column-1\">Happy Marching Band<\/td><td class=\"column-2\">arr. S. Rundel<\/td>\n<\/tr>\n<tr class=\"row-4\">\n\t<td class=\"column-1\">Andrew Lloyd Webber in Concert<\/td><td class=\"column-2\">Andrew Lloyd Webber, arr. Michael Sweeney<\/td>\n<\/tr>\n<\/tbody>\n<\/table>\n<!-- #tablepress-34 from cache -->\n\n\n\n<h3 class=\"wp-block-heading\">Fr\u00fchjahrskonzert, Ostersonntag 11. April 2004<\/h3>\n\n\n\n<table id=\"tablepress-33\" class=\"tablepress tablepress-id-33\">\n<tbody class=\"row-striping row-hover\">\n<tr class=\"row-1\">\n\t<td class=\"column-1\"><b>Jugendgruppe und Jugendkapelle<\/b><\/td><td class=\"column-2\"><b>Leitung: Jochen Rieber<\/b><\/td>\n<\/tr>\n<tr class=\"row-2\">\n\t<td class=\"column-1\">Aura Lee<\/td><td class=\"column-2\">arr. M Scherbacher<\/td>\n<\/tr>\n<tr class=\"row-3\">\n\t<td class=\"column-1\">La Cucaracha<\/td><td class=\"column-2\">arr. M. Scherbacher<\/td>\n<\/tr>\n<tr class=\"row-4\">\n\t<td class=\"column-1\">Conquest of Paradise<\/td><td class=\"column-2\">Vangelis, arr. Ron Sebregts<\/td>\n<\/tr>\n<tr class=\"row-5\">\n\t<td class=\"column-1\">Young Life<\/td><td class=\"column-2\">Manfred Schneider<\/td>\n<\/tr>\n<tr class=\"row-6\">\n\t<td class=\"column-1\">Gonna fly now<\/td><td class=\"column-2\">Bill Conti, arr. Rieks van der Velde<\/td>\n<\/tr>\n<\/tbody>\n<\/table>\n<!-- #tablepress-33 from cache -->\n\n\n\n<h3 class=\"wp-block-heading\">Kirchenkonzert, 20. Dezember 2003<\/h3>\n\n\n\n<table id=\"tablepress-32\" class=\"tablepress tablepress-id-32\">\n<tbody class=\"row-striping row-hover\">\n<tr class=\"row-1\">\n\t<td class=\"column-1\"><b>Jugendgruppe und Jugendkapelle<\/b><\/td><td class=\"column-2\"><b>Leitung: Jochen Rieber<\/b><\/td>\n<\/tr>\n<tr class=\"row-2\">\n\t<td class=\"column-1\">Star Chase<\/td><td class=\"column-2\">J. O'Reilly\/J. Kinyon<\/td>\n<\/tr>\n<tr class=\"row-3\">\n\t<td class=\"column-1\">Leise rieselt der Schnee<\/td><td class=\"column-2\">Trad.<\/td>\n<\/tr>\n<tr class=\"row-4\">\n\t<td class=\"column-1\">Keep moving on<\/td><td class=\"column-2\">Ray Sacks, arr. Jan van Kraeydonck<\/td>\n<\/tr>\n<tr class=\"row-5\">\n\t<td class=\"column-1\">All for love<\/td><td class=\"column-2\">B. Adams, arr. Jan van Kraeydonck<\/td>\n<\/tr>\n<\/tbody>\n<\/table>\n<!-- #tablepress-32 from cache -->\n\n\n\n<h3 class=\"wp-block-heading\">Sch\u00fclervorspiel, Sonntag 12. Oktober 2003<\/h3>\n\n\n\n<table id=\"tablepress-31\" class=\"tablepress tablepress-id-31\">\n<tbody class=\"row-striping row-hover\">\n<tr class=\"row-1\">\n\t<td class=\"column-1\"><b>Jugendgruppe und Jugendkapelle<\/b><\/td><td class=\"column-2\"><b>Leitung: Jochen Rieber<\/b><\/td>\n<\/tr>\n<tr class=\"row-2\">\n\t<td class=\"column-1\">Mini March<\/td><td class=\"column-2\">J. O'Reilly\/J. Kinyon<\/td>\n<\/tr>\n<tr class=\"row-3\">\n\t<td class=\"column-1\">Irish Folk Dance<\/td><td class=\"column-2\">J. O'Reilly\/J. Kinyon<\/td>\n<\/tr>\n<tr class=\"row-4\">\n\t<td class=\"column-1\">All together<\/td><td class=\"column-2\">Dennis Armitage<\/td>\n<\/tr>\n<tr class=\"row-5\">\n\t<td class=\"column-1\">La Cucaracha<\/td><td class=\"column-2\">arr. M. Scherbacher<\/td>\n<\/tr>\n<\/tbody>\n<\/table>\n<!-- #tablepress-31 from cache -->\n\n\n\n<h3 class=\"wp-block-heading\">Fr\u00fchjahrskonzert, Ostersonntag 20. April 2003<\/h3>\n\n\n\n<table id=\"tablepress-30\" class=\"tablepress tablepress-id-30\">\n<tbody class=\"row-striping row-hover\">\n<tr class=\"row-1\">\n\t<td class=\"column-1\"><b>Jugendkapelle<\/b><\/td><td class=\"column-2\"><b>Leitung: Jochen Rieber<\/b><\/td>\n<\/tr>\n<tr class=\"row-2\">\n\t<td class=\"column-1\">Largo aus den Vier Jahreszeiten<\/td><td class=\"column-2\">Antonio Vivaldi, arr. Willy Hautvast<\/td>\n<\/tr>\n<tr class=\"row-3\">\n\t<td class=\"column-1\">Andrew Lloyd Webber in Concert<\/td><td class=\"column-2\">Andrew Lloyd Webber, arr. Michael Sweeney<\/td>\n<\/tr>\n<tr class=\"row-4\">\n\t<td class=\"column-1\">Young Band Dixie<\/td><td class=\"column-2\">Georg Stich<\/td>\n<\/tr>\n<tr class=\"row-5\">\n\t<td class=\"column-1\">Alamo<\/td><td class=\"column-2\">Karl L. King<\/td>\n<\/tr>\n<\/tbody>\n<\/table>\n<!-- #tablepress-30 from cache -->\n\n\n\n<h3 class=\"wp-block-heading\">Sch\u00fclervorspiel, Sonntag 27. Oktober 2002<\/h3>\n\n\n\n<table id=\"tablepress-29\" class=\"tablepress tablepress-id-29\">\n<tbody class=\"row-striping row-hover\">\n<tr class=\"row-1\">\n\t<td class=\"column-1\"><b>Jugendkapelle<\/b><\/td><td class=\"column-2\"><b>Leitung: Jochen Rieber<\/b><\/td>\n<\/tr>\n<tr class=\"row-2\">\n\t<td class=\"column-1\">Keep moving on<\/td><td class=\"column-2\">Ray Sacks, arr. Jan van Kraeydonck<\/td>\n<\/tr>\n<tr class=\"row-3\">\n\t<td class=\"column-1\">Only time<\/td><td class=\"column-2\">Enya, arr. Ron Sebregts<\/td>\n<\/tr>\n<tr class=\"row-4\">\n\t<td class=\"column-1\">Jamaica Farewell<\/td><td class=\"column-2\">Traditional, arr. Philip Sparke<\/td>\n<\/tr>\n<\/tbody>\n<\/table>\n<!-- #tablepress-29 from cache -->\n\n\n\n<h3 class=\"wp-block-heading\">Fr\u00fchjahrskonzert, Ostersonntag 31. M\u00e4rz 2002<\/h3>\n\n\n\n<table id=\"tablepress-28\" class=\"tablepress tablepress-id-28\">\n<tbody class=\"row-striping row-hover\">\n<tr class=\"row-1\">\n\t<td class=\"column-1\"><b>Jugendkapelle<\/b><\/td><td class=\"column-2\"><b>Leitung: Uwe Wagner<\/b><\/td>\n<\/tr>\n<tr class=\"row-2\">\n\t<td class=\"column-1\">Jamaica Farewell<\/td><td class=\"column-2\">Traditional, arr. Philip Sparke<\/td>\n<\/tr>\n<tr class=\"row-3\">\n\t<td class=\"column-1\">Aura Lee<\/td><td class=\"column-2\">arr. M Scherbacher<\/td>\n<\/tr>\n<tr class=\"row-4\">\n\t<td class=\"column-1\">Tequila<\/td><td class=\"column-2\">arr. Paul Lavender<\/td>\n<\/tr>\n<\/tbody>\n<\/table>\n<!-- #tablepress-28 from cache -->\n","protected":false},"excerpt":{"rendered":"<p>Fr\u00fchjahrskonzert, Ostersonntag 31. M\u00e4rz 2013 Fr\u00fchjahrskonzert, Ostersonntag 08. April 2012 Kirchenkonzert, Sonntag 18. Dezember 2011 Fr\u00fchjahrskonzert, Ostersonntag 24. April 2011 Sch\u00fclervorspiel, Sonntag 21. November 2010 Fr\u00fchjahrskonzert, Ostersonntag 04. April 2010 Sch\u00fclervorspiel, Sonntag 22. Nov. 2009 Fr\u00fchjahrskonzert, Ostersonntag 12. April 2009 Kirchenkonzert, Sonntag 21. Dezember 2008 Fr\u00fchjahrskonzert, Ostersonntag 23. M\u00e4rz 2008 Sch\u00fclervorspiel, Sonntag 25. November 2007 &hellip; <\/p>\n<p class=\"link-more\"><a href=\"http:\/\/mv-harthausen.de\/?page_id=355\" class=\"more-link\"><span class=\"screen-reader-text\">\u201eKonzertprogramme Jugendkapelle 2002 &#8211; 2013\u201c<\/span> weiterlesen<\/a><\/p>\n","protected":false},"author":1,"featured_media":0,"parent":112,"menu_order":0,"comment_status":"closed","ping_status":"closed","template":"","meta":{"footnotes":""},"class_list":["post-355","page","type-page","status-publish","hentry"],"_links":{"self":[{"href":"http:\/\/mv-harthausen.de\/index.php?rest_route=\/wp\/v2\/pages\/355","targetHints":{"allow":["GET"]}}],"collection":[{"href":"http:\/\/mv-harthausen.de\/index.php?rest_route=\/wp\/v2\/pages"}],"about":[{"href":"http:\/\/mv-harthausen.de\/index.php?rest_route=\/wp\/v2\/types\/page"}],"author":[{"embeddable":true,"href":"http:\/\/mv-harthausen.de\/index.php?rest_route=\/wp\/v2\/users\/1"}],"replies":[{"embeddable":true,"href":"http:\/\/mv-harthausen.de\/index.php?rest_route=%2Fwp%2Fv2%2Fcomments&post=355"}],"version-history":[{"count":37,"href":"http:\/\/mv-harthausen.de\/index.php?rest_route=\/wp\/v2\/pages\/355\/revisions"}],"predecessor-version":[{"id":506,"href":"http:\/\/mv-harthausen.de\/index.php?rest_route=\/wp\/v2\/pages\/355\/revisions\/506"}],"up":[{"embeddable":true,"href":"http:\/\/mv-harthausen.de\/index.php?rest_route=\/wp\/v2\/pages\/112"}],"wp:attachment":[{"href":"http:\/\/mv-harthausen.de\/index.php?rest_route=%2Fwp%2Fv2%2Fmedia&parent=355"}],"curies":[{"name":"wp","href":"https:\/\/api.w.org\/{rel}","templated":true}]}}