{"id":241,"date":"2019-06-16T08:01:27","date_gmt":"2019-06-16T08:01:27","guid":{"rendered":"http:\/\/mv-harthausen.de\/?page_id=241"},"modified":"2019-07-07T16:47:10","modified_gmt":"2019-07-07T16:47:10","slug":"konzertprogramme-2008-2015","status":"publish","type":"page","link":"http:\/\/mv-harthausen.de\/?page_id=241","title":{"rendered":"Konzertprogramme 2008 &#8211; 2015"},"content":{"rendered":"\n<h3 class=\"wp-block-heading\">Fr\u00fchjahrskonzert, Ostersonntag 05. April 2015<\/h3>\n\n\n\n<table id=\"tablepress-10\" class=\"tablepress tablepress-id-10\">\n<tbody class=\"row-striping row-hover\">\n<tr class=\"row-1\">\n\t<td class=\"column-1\"><b>Jugendkapelle<\/b><\/td><td class=\"column-2\"><b>Leitung: Mareike Kasunic <\/b><\/td>\n<\/tr>\n<tr class=\"row-2\">\n\t<td class=\"column-1\">The Flintstones\t<\/td><td class=\"column-2\">Sweeney<\/td>\n<\/tr>\n<tr class=\"row-3\">\n\t<td class=\"column-1\">Heal the World\t<\/td><td class=\"column-2\">Jackson\/Sebregts<br \/>\n<\/td>\n<\/tr>\n<tr class=\"row-4\">\n\t<td class=\"column-1\">Mixed Bag\t<\/td><td class=\"column-2\"><\/td>\n<\/tr>\n<tr class=\"row-5\">\n\t<td class=\"column-1\"><\/td><td class=\"column-2\"><\/td>\n<\/tr>\n<tr class=\"row-6\">\n\t<td class=\"column-1\"><b>Gro\u00dfes Orchester<br \/>\n\u201e\u00dcber den Wolken\u201c<\/b><\/td><td class=\"column-2\"><b>Leitung: Jochen Rieber<\/b><\/td>\n<\/tr>\n<tr class=\"row-7\">\n\t<td class=\"column-1\">Diamir-Marsch\t<\/td><td class=\"column-2\">Rieber<\/td>\n<\/tr>\n<tr class=\"row-8\">\n\t<td class=\"column-1\">Dialog der Generationen\t<\/td><td class=\"column-2\">G\u00e4ble<\/td>\n<\/tr>\n<tr class=\"row-9\">\n\t<td class=\"column-1\">Ikarus<\/td><td class=\"column-2\">Neub\u00f6ck<\/td>\n<\/tr>\n<tr class=\"row-10\">\n\t<td class=\"column-1\">Gabriellas Sang\t<\/td><td class=\"column-2\">Nilsson\/G\u00e4ble<br \/>\n<\/td>\n<\/tr>\n<tr class=\"row-11\">\n\t<td class=\"column-1\">In all its Glory\t<\/td><td class=\"column-2\">Swearingen<\/td>\n<\/tr>\n<tr class=\"row-12\">\n\t<td class=\"column-1\">Fly me to the moon\t<\/td><td class=\"column-2\">Howard\/Torskangerpoll<br \/>\n<\/td>\n<\/tr>\n<tr class=\"row-13\">\n\t<td class=\"column-1\">Von Freund zu Freund\t<\/td><td class=\"column-2\">Scharnagl<\/td>\n<\/tr>\n<tr class=\"row-14\">\n\t<td class=\"column-1\">\u00dcber den Wolken\t<\/td><td class=\"column-2\">Mey\/Brogli<br \/>\n<\/td>\n<\/tr>\n<tr class=\"row-15\">\n\t<td class=\"column-1\">Fliegermarsch\t<\/td><td class=\"column-2\">Dostal\/Bummerl<br \/>\n<\/td>\n<\/tr>\n<tr class=\"row-16\">\n\t<td class=\"column-1\">Gabriellas Sang<\/td><td class=\"column-2\">Nilsson\/G\u00e4ble<\/td>\n<\/tr>\n<\/tbody>\n<\/table>\n<!-- #tablepress-10 from cache -->\n\n\n\n<h3 class=\"wp-block-heading\">Fr\u00fchjahrskonzert, Ostersonntag 20. April 2014 <\/h3>\n\n\n\n<table id=\"tablepress-11\" class=\"tablepress tablepress-id-11\">\n<tbody class=\"row-striping row-hover\">\n<tr class=\"row-1\">\n\t<td class=\"column-1\"><b>Jugendkapelle<\/b><\/td><td class=\"column-2\"><b>Leitung: Mareike Kasunic<\/b><\/td>\n<\/tr>\n<tr class=\"row-2\">\n\t<td class=\"column-1\">Easy Pop Suite - Asia Rock<\/td><td class=\"column-2\">Stratford<\/td>\n<\/tr>\n<tr class=\"row-3\">\n\t<td class=\"column-1\">Can't Help Falling In Love<\/td><td class=\"column-2\">Weiss \/ Vinson<\/td>\n<\/tr>\n<tr class=\"row-4\">\n\t<td class=\"column-1\">The James Bond Theme<\/td><td class=\"column-2\">Norman \/ Lopez<\/td>\n<\/tr>\n<tr class=\"row-5\">\n\t<td class=\"column-1\">Easy Pop Suite - Reggae Ballad<\/td><td class=\"column-2\">Stratford<\/td>\n<\/tr>\n<tr class=\"row-6\">\n\t<td class=\"column-1\"><\/td><td class=\"column-2\"><\/td>\n<\/tr>\n<tr class=\"row-7\">\n\t<td class=\"column-1\"><b>Gro\u00dfes Orchester<br \/>\n\u201eMit Musik rund um die Welt\u201c<\/b><\/td><td class=\"column-2\"><b>Leitung: Jochen Rieber<\/b><\/td>\n<\/tr>\n<tr class=\"row-8\">\n\t<td class=\"column-1\">Ladies and Gentlemen\t<\/td><td class=\"column-2\">Kleine Schaars<br \/>\n<\/td>\n<\/tr>\n<tr class=\"row-9\">\n\t<td class=\"column-1\">Ouvert\u00fcre zur Oper \u201eNabucco\u201c\t<\/td><td class=\"column-2\">Verdi \/ Royer<br \/>\n<\/td>\n<\/tr>\n<tr class=\"row-10\">\n\t<td class=\"column-1\">New York Overture\t<\/td><td class=\"column-2\">Vlak<br \/>\n<\/td>\n<\/tr>\n<tr class=\"row-11\">\n\t<td class=\"column-1\">Steeephans Polka\t<\/td><td class=\"column-2\">Pfluger<br \/>\n<\/td>\n<\/tr>\n<tr class=\"row-12\">\n\t<td class=\"column-1\">Sway<\/td><td class=\"column-2\">Ruiz \/ Ravizza<br \/>\n<\/td>\n<\/tr>\n<tr class=\"row-13\">\n\t<td class=\"column-1\">Ensueno Ardiente\t<\/td><td class=\"column-2\">Jochen Rieber<br \/>\n<\/td>\n<\/tr>\n<tr class=\"row-14\">\n\t<td class=\"column-1\">Auf einem persischen Markt\t<\/td><td class=\"column-2\">Ketelbey \/ Schmidt-Kothen<br \/>\n<\/td>\n<\/tr>\n<tr class=\"row-15\">\n\t<td class=\"column-1\">African Wildlife\t<\/td><td class=\"column-2\">Vlak<\/td>\n<\/tr>\n<tr class=\"row-16\">\n\t<td class=\"column-1\">Deutschmeister Regimentsmarsch\t<\/td><td class=\"column-2\">Jurek<\/td>\n<\/tr>\n<tr class=\"row-17\">\n\t<td class=\"column-1\">Aux Champs-Elysees\t<\/td><td class=\"column-2\">Deighan \/ Devroye<br \/>\n<\/td>\n<\/tr>\n<\/tbody>\n<\/table>\n<!-- #tablepress-11 from cache -->\n\n\n\n<h3 class=\"wp-block-heading\">Kirchenkonzert, Sonntag 22. Dezember 2013<\/h3>\n\n\n\n<table id=\"tablepress-12\" class=\"tablepress tablepress-id-12\">\n<tbody class=\"row-striping row-hover\">\n<tr class=\"row-1\">\n\t<td class=\"column-1\"><b>Jugendkapelle<\/b><\/td><td class=\"column-2\"><b>Leitung: Mareike Kasunic<\/b><\/td>\n<\/tr>\n<tr class=\"row-2\">\n\t<td class=\"column-1\">Irish Dream\t<\/td><td class=\"column-2\">G\u00e4ble<\/td>\n<\/tr>\n<tr class=\"row-3\">\n\t<td class=\"column-1\">Mary\u2019s Boy Child\t<\/td><td class=\"column-2\">trad. \/ Hermann<br \/>\n<\/td>\n<\/tr>\n<tr class=\"row-4\">\n\t<td class=\"column-1\"><\/td><td class=\"column-2\"><\/td>\n<\/tr>\n<tr class=\"row-5\">\n\t<td class=\"column-1\"><b>Gro\u00dfes Orchester\t<\/b><\/td><td class=\"column-2\"><b>Leitung: Jochen Rieber<br \/>\n<\/b><\/td>\n<\/tr>\n<tr class=\"row-6\">\n\t<td class=\"column-1\">Centuria<\/td><td class=\"column-2\">Swearingen<br \/>\n<\/td>\n<\/tr>\n<tr class=\"row-7\">\n\t<td class=\"column-1\">Dragonheart \u2013 To the Stars\t<\/td><td class=\"column-2\">Edelmann \/ Bernaerts<br \/>\n<\/td>\n<\/tr>\n<tr class=\"row-8\">\n\t<td class=\"column-1\">Die Winterrose\t<\/td><td class=\"column-2\">G\u00e4ble<\/td>\n<\/tr>\n<tr class=\"row-9\">\n\t<td class=\"column-1\">Drei Haseln\u00fcsse f\u00fcr Aschenbr\u00f6del\t<\/td><td class=\"column-2\">Svoboda \/ Classen<br \/>\n<\/td>\n<\/tr>\n<tr class=\"row-10\">\n\t<td class=\"column-1\">Winter Wonderland\t<\/td><td class=\"column-2\">Bernard \/ Morita<br \/>\n<\/td>\n<\/tr>\n<tr class=\"row-11\">\n\t<td class=\"column-1\">Heaven<\/td><td class=\"column-2\">Gotthard \/ Mc Allen<br \/>\n<\/td>\n<\/tr>\n<tr class=\"row-12\">\n\t<td class=\"column-1\">Oh Du Fr\u00f6hliche\t<\/td><td class=\"column-2\">G\u00e4ble<\/td>\n<\/tr>\n<\/tbody>\n<\/table>\n<!-- #tablepress-12 from cache -->\n\n\n\n<h3 class=\"wp-block-heading\">Fr\u00fchjahrskonzert, Ostersonntag 31. M\u00e4rz 2013 <\/h3>\n\n\n\n<table id=\"tablepress-13\" class=\"tablepress tablepress-id-13\">\n<tbody class=\"row-striping row-hover\">\n<tr class=\"row-1\">\n\t<td class=\"column-1\"><b>Jugendkapelle<\/b><\/td><td class=\"column-2\"><b>Leitung: Anna Maria Mauz<br \/>\n<\/b><\/td>\n<\/tr>\n<tr class=\"row-2\">\n\t<td class=\"column-1\">Equinox<\/td><td class=\"column-2\">Huckeby<\/td>\n<\/tr>\n<tr class=\"row-3\">\n\t<td class=\"column-1\">The Best of Mozart\t<\/td><td class=\"column-2\">Mozart, arr. Ummels<\/td>\n<\/tr>\n<tr class=\"row-4\">\n\t<td class=\"column-1\">Neuer Schwung\t<\/td><td class=\"column-2\">Schad<\/td>\n<\/tr>\n<tr class=\"row-5\">\n\t<td class=\"column-1\">We will rock you\t<\/td><td class=\"column-2\">Queen<\/td>\n<\/tr>\n<tr class=\"row-6\">\n\t<td class=\"column-1\"><\/td><td class=\"column-2\"><\/td>\n<\/tr>\n<tr class=\"row-7\">\n\t<td class=\"column-1\"><b>Gro\u00dfes Orchester<br \/>\n\u201eMelodien aus Deutschland\u201c<\/b><\/td><td class=\"column-2\"><b>Leitung: Jochen Rieber<br \/>\n<\/b><\/td>\n<\/tr>\n<tr class=\"row-8\">\n\t<td class=\"column-1\">Toccata \/ Pop Looks Bach\t<\/td><td class=\"column-2\">Bach\/Fonteyn, arr. Rieber\/Woodfield<\/td>\n<\/tr>\n<tr class=\"row-9\">\n\t<td class=\"column-1\">Ouvert\u00fcre zu Egmont\t<\/td><td class=\"column-2\">Beethoven, arr. Posch<\/td>\n<\/tr>\n<tr class=\"row-10\">\n\t<td class=\"column-1\">TV-Kultabend\t<\/td><td class=\"column-2\">arr. Schneider<br \/>\n<\/td>\n<\/tr>\n<tr class=\"row-11\">\n\t<td class=\"column-1\">Emotionen<\/td><td class=\"column-2\">G\u00e4ble<\/td>\n<\/tr>\n<tr class=\"row-12\">\n\t<td class=\"column-1\">Laubener Schnellpolka\t<\/td><td class=\"column-2\">G\u00e4ble<\/td>\n<\/tr>\n<tr class=\"row-13\">\n\t<td class=\"column-1\">Ich bin ich\t<\/td><td class=\"column-2\">Rosenstolz, arr. Briegel<\/td>\n<\/tr>\n<tr class=\"row-14\">\n\t<td class=\"column-1\">Rhythm Forever\t<\/td><td class=\"column-2\">Schulte<\/td>\n<\/tr>\n<tr class=\"row-15\">\n\t<td class=\"column-1\">Wolfgang Petry Hit-Mix\t<\/td><td class=\"column-2\">arr. Schneider<br \/>\n<\/td>\n<\/tr>\n<tr class=\"row-16\">\n\t<td class=\"column-1\">Zum St\u00e4dtel hinaus\t<\/td><td class=\"column-2\">Mei\u00dfner<\/td>\n<\/tr>\n<tr class=\"row-17\">\n\t<td class=\"column-1\">Der Schuh des Manitu\t<\/td><td class=\"column-2\">Wengenmayr, arr. Rieber<\/td>\n<\/tr>\n<\/tbody>\n<\/table>\n<!-- #tablepress-13 from cache -->\n\n\n\n<h3 class=\"wp-block-heading\">Fr\u00fchjahrskonzert, Ostersonntag 08. April 2012<\/h3>\n\n\n\n<table id=\"tablepress-14\" class=\"tablepress tablepress-id-14\">\n<tbody class=\"row-striping row-hover\">\n<tr class=\"row-1\">\n\t<td class=\"column-1\"><b>Jugendkapelle<\/b><\/td><td class=\"column-2\"><b>Leitung: Anna Maria Mauz<\/b><\/td>\n<\/tr>\n<tr class=\"row-2\">\n\t<td class=\"column-1\">Conquest of Paradise\t<\/td><td class=\"column-2\">Vangelis \/ Sebregts<br \/>\n<\/td>\n<\/tr>\n<tr class=\"row-3\">\n\t<td class=\"column-1\">Tales of a distant star\t<\/td><td class=\"column-2\">Wada<\/td>\n<\/tr>\n<tr class=\"row-4\">\n\t<td class=\"column-1\">Alamo\t<\/td><td class=\"column-2\">King<\/td>\n<\/tr>\n<tr class=\"row-5\">\n\t<td class=\"column-1\">Marbella<\/td><td class=\"column-2\">Sorbon<\/td>\n<\/tr>\n<tr class=\"row-6\">\n\t<td class=\"column-1\"><\/td><td class=\"column-2\"><\/td>\n<\/tr>\n<tr class=\"row-7\">\n\t<td class=\"column-1\"><b>Gro\u00dfes Orchester\t<\/b><\/td><td class=\"column-2\"><b>Leitung: Jochen Rieber<br \/>\n<\/b><\/td>\n<\/tr>\n<tr class=\"row-8\">\n\t<td class=\"column-1\">Where Eagles Soar\t<\/td><td class=\"column-2\">Reineke<\/td>\n<\/tr>\n<tr class=\"row-9\">\n\t<td class=\"column-1\">Hair<\/td><td class=\"column-2\">MacDermot \/ Schneider<br \/>\n<\/td>\n<\/tr>\n<tr class=\"row-10\">\n\t<td class=\"column-1\">The New Village\t<\/td><td class=\"column-2\">Vlak<\/td>\n<\/tr>\n<tr class=\"row-11\">\n\t<td class=\"column-1\">Die tollk\u00fchnen M\u00e4nner in ihren fliegenden Kisten<\/td><td class=\"column-2\">Goodwin \/ Kreid<br \/>\n<\/td>\n<\/tr>\n<tr class=\"row-12\">\n\t<td class=\"column-1\">Rock Opening\t<\/td><td class=\"column-2\">Schneider<\/td>\n<\/tr>\n<tr class=\"row-13\">\n\t<td class=\"column-1\">Toto\u2019s Greatest Hits\t<\/td><td class=\"column-2\">Toto \/ Foley<br \/>\n<\/td>\n<\/tr>\n<tr class=\"row-14\">\n\t<td class=\"column-1\">Limelight\t<\/td><td class=\"column-2\">Chaplin \/ Mortimer<br \/>\n<\/td>\n<\/tr>\n<tr class=\"row-15\">\n\t<td class=\"column-1\">Chodounska<\/td><td class=\"column-2\">Poncar \/ Mestrini<br \/>\n<\/td>\n<\/tr>\n<tr class=\"row-16\">\n\t<td class=\"column-1\">Radetzky-Marsch\t<\/td><td class=\"column-2\">Strau\u00df \/ Bauer<br \/>\n<\/td>\n<\/tr>\n<tr class=\"row-17\">\n\t<td class=\"column-1\">Hawaii 5-0\t<\/td><td class=\"column-2\">Stevens \/ Grain<br \/>\n<\/td>\n<\/tr>\n<tr class=\"row-18\">\n\t<td class=\"column-1\">Wir Musikanten\t<\/td><td class=\"column-2\">G\u00e4ble<\/td>\n<\/tr>\n<\/tbody>\n<\/table>\n<!-- #tablepress-14 from cache -->\n\n\n\n<h3 class=\"wp-block-heading\">Kirchenkonzert, Sonntag 18. Dezember 2011<\/h3>\n\n\n\n<table id=\"tablepress-15\" class=\"tablepress tablepress-id-15\">\n<tbody class=\"row-striping row-hover\">\n<tr class=\"row-1\">\n\t<td class=\"column-1\"><b>Jugendkapelle<\/b><\/td><td class=\"column-2\"><b>Leitung: Anna Maria Mauz<\/b><\/td>\n<\/tr>\n<tr class=\"row-2\">\n\t<td class=\"column-1\">Keep moving on\t<\/td><td class=\"column-2\">Sacks\/Kraeydonck<br \/>\n<\/td>\n<\/tr>\n<tr class=\"row-3\">\n\t<td class=\"column-1\">Fantasia<\/td><td class=\"column-2\">G\u00e4ble<\/td>\n<\/tr>\n<tr class=\"row-4\">\n\t<td class=\"column-1\"><\/td><td class=\"column-2\"><\/td>\n<\/tr>\n<tr class=\"row-5\">\n\t<td class=\"column-1\"><b>Gro\u00dfes Orchester\t<\/b><\/td><td class=\"column-2\"><b>Leitung: Jochen Rieber<br \/>\n<\/b><\/td>\n<\/tr>\n<tr class=\"row-6\">\n\t<td class=\"column-1\">Song of Freedom - Ode An die Freude<\/td><td class=\"column-2\">Beethoven\/Haan<br \/>\n<\/td>\n<\/tr>\n<tr class=\"row-7\">\n\t<td class=\"column-1\">Encanto<\/td><td class=\"column-2\">Smith<\/td>\n<\/tr>\n<tr class=\"row-8\">\n\t<td class=\"column-1\">Blue Air\t<\/td><td class=\"column-2\">Huggens<\/td>\n<\/tr>\n<tr class=\"row-9\">\n\t<td class=\"column-1\">Sleigh Ride\t<\/td><td class=\"column-2\">Anderson\/Felde<br \/>\n<\/td>\n<\/tr>\n<tr class=\"row-10\">\n\t<td class=\"column-1\">Da ber\u00fchren sich Himmel und Erde (Wo Menschen sich vergessen)<\/td><td class=\"column-2\">Lehmann\/Rieber<br \/>\n<\/td>\n<\/tr>\n<tr class=\"row-11\">\n\t<td class=\"column-1\">The Cream of Clapton\t<\/td><td class=\"column-2\">Clapton\/Sebregts<br \/>\n<\/td>\n<\/tr>\n<tr class=\"row-12\">\n\t<td class=\"column-1\">Herbei oh ihr Gl\u00e4ubigen\t<\/td><td class=\"column-2\">Wade\/Haan\/Rieber<br \/>\n<\/td>\n<\/tr>\n<\/tbody>\n<\/table>\n<!-- #tablepress-15 from cache -->\n\n\n\n<h3 class=\"wp-block-heading\"> Fr\u00fchjahrskonzert, Ostersonntag 24. April 2011 <\/h3>\n\n\n\n<table id=\"tablepress-17\" class=\"tablepress tablepress-id-17\">\n<tbody class=\"row-striping row-hover\">\n<tr class=\"row-1\">\n\t<td class=\"column-1\"><b>Jugendkapelle<\/b><\/td><td class=\"column-2\"><b>Leitung: Anna Maria Mauz<br \/>\n<\/b><\/td>\n<\/tr>\n<tr class=\"row-2\">\n\t<td class=\"column-1\">The Young Amadeus\t<\/td><td class=\"column-2\">Mozart\/Parker\/Haan<br \/>\n<\/td>\n<\/tr>\n<tr class=\"row-3\">\n\t<td class=\"column-1\">Highlights from Shrek 2\t<\/td><td class=\"column-2\">Brown<\/td>\n<\/tr>\n<tr class=\"row-4\">\n\t<td class=\"column-1\">Marbella<\/td><td class=\"column-2\">Sorbon<\/td>\n<\/tr>\n<tr class=\"row-5\">\n\t<td class=\"column-1\">Dr. Rockenstein\t<\/td><td class=\"column-2\">Hodges<\/td>\n<\/tr>\n<tr class=\"row-6\">\n\t<td class=\"column-1\"><\/td><td class=\"column-2\"><\/td>\n<\/tr>\n<tr class=\"row-7\">\n\t<td class=\"column-1\"><b>Gro\u00dfes Orchester<\/b><\/td><td class=\"column-2\"><b>Leitung: Jochen Rieber<\/b><\/td>\n<\/tr>\n<tr class=\"row-8\">\n\t<td class=\"column-1\">Unter dem Doppeladler\t<\/td><td class=\"column-2\">Wagner\/Balent<br \/>\n<\/td>\n<\/tr>\n<tr class=\"row-9\">\n\t<td class=\"column-1\">Good Times\t<\/td><td class=\"column-2\">Nowak<\/td>\n<\/tr>\n<tr class=\"row-10\">\n\t<td class=\"column-1\">Imagasy<\/td><td class=\"column-2\">Kraas<\/td>\n<\/tr>\n<tr class=\"row-11\">\n\t<td class=\"column-1\">Gilbert O\u2019Sullivan\t<\/td><td class=\"column-2\">O\u2019Sullivan\/Reinau<br \/>\n<\/td>\n<\/tr>\n<tr class=\"row-12\">\n\t<td class=\"column-1\">Abel Tasman\t<\/td><td class=\"column-2\">Pfluger<br \/>\n<\/td>\n<\/tr>\n<tr class=\"row-13\">\n\t<td class=\"column-1\">Gonna fly now\t<\/td><td class=\"column-2\">Conti\/Felde<br \/>\n<\/td>\n<\/tr>\n<tr class=\"row-14\">\n\t<td class=\"column-1\">Der Wilde Westen\t<\/td><td class=\"column-2\">B\u00f6ttcher\/Barry\/Morricone<br \/>\n<\/td>\n<\/tr>\n<tr class=\"row-15\">\n\t<td class=\"column-1\">James Bond 007\t<\/td><td class=\"column-2\">Norman\/Barry\/Meij<br \/>\n<\/td>\n<\/tr>\n<tr class=\"row-16\">\n\t<td class=\"column-1\">The time of my life\t<\/td><td class=\"column-2\">Previte\/DeNicola\/Jahreis<br \/>\n<\/td>\n<\/tr>\n<tr class=\"row-17\">\n\t<td class=\"column-1\">Der Schuh des Manitu\t<\/td><td class=\"column-2\">Wengenmayr\/Rieber<br \/>\n<\/td>\n<\/tr>\n<tr class=\"row-18\">\n\t<td class=\"column-1\">Morgengedanken<\/td><td class=\"column-2\">G\u00e4lle<\/td>\n<\/tr>\n<tr class=\"row-19\">\n\t<td class=\"column-1\">The Pink Panther\t<\/td><td class=\"column-2\">Mancini\/Edmondson<br \/>\n<\/td>\n<\/tr>\n<\/tbody>\n<\/table>\n<!-- #tablepress-17 from cache -->\n\n\n\n<h3 class=\"wp-block-heading\"> Fr\u00fchjahrskonzert, Ostersonntag 04. April 2010<\/h3>\n\n\n\n<table id=\"tablepress-18\" class=\"tablepress tablepress-id-18\">\n<tbody class=\"row-striping row-hover\">\n<tr class=\"row-1\">\n\t<td class=\"column-1\"><b>Mini-Jumu\t<\/b><\/td><td class=\"column-2\"><b>Leitung: Oliver Conzelmann<br \/>\n<\/b><\/td>\n<\/tr>\n<tr class=\"row-2\">\n\t<td class=\"column-1\">Der erste Schritt\t<\/td><td class=\"column-2\">Hans Kolditz<br \/>\n<\/td>\n<\/tr>\n<tr class=\"row-3\">\n\t<td class=\"column-1\">Songs Children Love\t<\/td><td class=\"column-2\">arr. M. Pratt<br \/>\n<\/td>\n<\/tr>\n<tr class=\"row-4\">\n\t<td class=\"column-1\">The Roadrunner\t<\/td><td class=\"column-2\"><\/td>\n<\/tr>\n<tr class=\"row-5\">\n\t<td class=\"column-1\"><\/td><td class=\"column-2\"><\/td>\n<\/tr>\n<tr class=\"row-6\">\n\t<td class=\"column-1\"><b>Jugendkapelle<\/b><\/td><td class=\"column-2\"><b>Leitung: Angelina Mohr<br \/>\n<\/b><\/td>\n<\/tr>\n<tr class=\"row-7\">\n\t<td class=\"column-1\">My heart will go on\t<\/td><td class=\"column-2\">J. Horner<br \/>\n<\/td>\n<\/tr>\n<tr class=\"row-8\">\n\t<td class=\"column-1\">You are wonderful\t<\/td><td class=\"column-2\">K. Sorbon<br \/>\n<\/td>\n<\/tr>\n<tr class=\"row-9\">\n\t<td class=\"column-1\">Can you feel the love tonight\t<\/td><td class=\"column-2\">E. John<br \/>\n<\/td>\n<\/tr>\n<tr class=\"row-10\">\n\t<td class=\"column-1\">Die glorreichen Sieben\t<\/td><td class=\"column-2\">Elmer Bernstein, arr. J. Bullock<\/td>\n<\/tr>\n<tr class=\"row-11\">\n\t<td class=\"column-1\"><\/td><td class=\"column-2\"><\/td>\n<\/tr>\n<tr class=\"row-12\">\n\t<td class=\"column-1\"><b>Gro\u00dfes Orchester\t<\/b><\/td><td class=\"column-2\"><b>Leitung: Jochen Rieber<br \/>\n<\/b><\/td>\n<\/tr>\n<tr class=\"row-13\">\n\t<td class=\"column-1\">Die Sonne geht auf\t<\/td><td class=\"column-2\">Rudi Fischer<br \/>\n<\/td>\n<\/tr>\n<tr class=\"row-14\">\n\t<td class=\"column-1\">Titus<\/td><td class=\"column-2\">Wolfgang Amadeus Mozart<br \/>\n<\/td>\n<\/tr>\n<tr class=\"row-15\">\n\t<td class=\"column-1\">Ratafia<\/td><td class=\"column-2\">Willy Fransen<br \/>\n<\/td>\n<\/tr>\n<tr class=\"row-16\">\n\t<td class=\"column-1\">Highland Cathedral\t<\/td><td class=\"column-2\">M. Korb, U. Roever<\/td>\n<\/tr>\n<tr class=\"row-17\">\n\t<td class=\"column-1\">Katharinen-Polka\t<\/td><td class=\"column-2\">Kurt G\u00e4ble<br \/>\n<\/td>\n<\/tr>\n<tr class=\"row-18\">\n\t<td class=\"column-1\">Tanz der Vampire\t<\/td><td class=\"column-2\">Jim Steinman<br \/>\n<\/td>\n<\/tr>\n<tr class=\"row-19\">\n\t<td class=\"column-1\">Der letzte Walzer\t<\/td><td class=\"column-2\">L. Reed, B. Mason<\/td>\n<\/tr>\n<tr class=\"row-20\">\n\t<td class=\"column-1\">Let me entertain you\t<\/td><td class=\"column-2\">Guy Chambers, Robbie Williams<\/td>\n<\/tr>\n<tr class=\"row-21\">\n\t<td class=\"column-1\">Kings of Swing\t<\/td><td class=\"column-2\">Dick Ravenal<br \/>\n<\/td>\n<\/tr>\n<tr class=\"row-22\">\n\t<td class=\"column-1\">Schwabengru\u00df<\/td><td class=\"column-2\">Gustav Lotterer<br \/>\n<\/td>\n<\/tr>\n<tr class=\"row-23\">\n\t<td class=\"column-1\">El Camino\t<\/td><td class=\"column-2\">Hans Fillinger<br \/>\n<\/td>\n<\/tr>\n<\/tbody>\n<\/table>\n<!-- #tablepress-18 from cache -->\n\n\n\n<h3 class=\"wp-block-heading\">Fr\u00fchjahrskonzert, Ostersonntag 12. April 2009<\/h3>\n\n\n\n<table id=\"tablepress-19\" class=\"tablepress tablepress-id-19\">\n<tbody class=\"row-striping row-hover\">\n<tr class=\"row-1\">\n\t<td class=\"column-1\"><b>Jugendkapelle<\/b><\/td><td class=\"column-2\"><b>Leitung: Angelina Mohr<br \/>\n<\/b><\/td>\n<\/tr>\n<tr class=\"row-2\">\n\t<td class=\"column-1\">Black Forest Fantasy\t<\/td><td class=\"column-2\">Klaus Butterstein<br \/>\n<\/td>\n<\/tr>\n<tr class=\"row-3\">\n\t<td class=\"column-1\">Highlights from \u201eCarmen\u201c\t<\/td><td class=\"column-2\">Georges Bizet, arr. M. Williams<\/td>\n<\/tr>\n<tr class=\"row-4\">\n\t<td class=\"column-1\">Zauberland<\/td><td class=\"column-2\">Kurt G\u00e4ble<br \/>\n<\/td>\n<\/tr>\n<tr class=\"row-5\">\n\t<td class=\"column-1\">Heal the World\t<\/td><td class=\"column-2\">Michael Jackson<br \/>\n<\/td>\n<\/tr>\n<tr class=\"row-6\">\n\t<td class=\"column-1\"><\/td><td class=\"column-2\"><\/td>\n<\/tr>\n<tr class=\"row-7\">\n\t<td class=\"column-1\"><b>Gro\u00dfes Orchester\t<\/b><\/td><td class=\"column-2\"><b>Leitung: Jochen Rieber<br \/>\n<\/b><\/td>\n<\/tr>\n<tr class=\"row-8\">\n\t<td class=\"column-1\">Frede\u2019s Theme\t<\/td><td class=\"column-2\">Frede Gines<br \/>\n<\/td>\n<\/tr>\n<tr class=\"row-9\">\n\t<td class=\"column-1\">Die diebische Elster\t<\/td><td class=\"column-2\">Giacchino Rossini, arr. G.L. Gardini<\/td>\n<\/tr>\n<tr class=\"row-10\">\n\t<td class=\"column-1\">Two Worlds\t<\/td><td class=\"column-2\">Phil Collins, arr. T. Hoshide<\/td>\n<\/tr>\n<tr class=\"row-11\">\n\t<td class=\"column-1\">Stephen Foster in Concert\t<\/td><td class=\"column-2\">Stephen Foster, arr. F. Watz<\/td>\n<\/tr>\n<tr class=\"row-12\">\n\t<td class=\"column-1\">Land der Berge\t<\/td><td class=\"column-2\"><\/td>\n<\/tr>\n<tr class=\"row-13\">\n\t<td class=\"column-1\">Concerto d\u2019Amore\t<\/td><td class=\"column-2\">Jacob de Haan<br \/>\n<\/td>\n<\/tr>\n<tr class=\"row-14\">\n\t<td class=\"column-1\">Petite Fleur\t<\/td><td class=\"column-2\">Sidney Bechet, arr. M. Schneider<\/td>\n<\/tr>\n<tr class=\"row-15\">\n\t<td class=\"column-1\">Elisabeth Serenade\t<\/td><td class=\"column-2\">Ronald Binge, arr. G. Weinkopf<\/td>\n<\/tr>\n<tr class=\"row-16\">\n\t<td class=\"column-1\">Wir Musikanten\t<\/td><td class=\"column-2\">Kurt G\u00e4ble<br \/>\n<\/td>\n<\/tr>\n<tr class=\"row-17\">\n\t<td class=\"column-1\">Mein Regiment\t<\/td><td class=\"column-2\">Heinrich Blankenburg, arr. S. Rundel<\/td>\n<\/tr>\n<tr class=\"row-18\">\n\t<td class=\"column-1\">Summernight Rock\t<\/td><td class=\"column-2\">Steve McMillan<br \/>\n<\/td>\n<\/tr>\n<\/tbody>\n<\/table>\n<!-- #tablepress-19 from cache -->\n\n\n\n<h3 class=\"wp-block-heading\">Kirchenkonzert, Sonntag 21. Dezember 2008<\/h3>\n\n\n\n<table id=\"tablepress-20\" class=\"tablepress tablepress-id-20\">\n<tbody class=\"row-striping row-hover\">\n<tr class=\"row-1\">\n\t<td class=\"column-1\"><b>Jugendkapelle und Mini-Jumu<\/b><\/td><td class=\"column-2\"><b>Leitung: Anna Maria Mauz, Oliver Conzelmann<\/b><\/td>\n<\/tr>\n<tr class=\"row-2\">\n\t<td class=\"column-1\">The Little Drummer Boy\t<\/td><td class=\"column-2\">trad., arr. K. Vlak<br \/>\n<\/td>\n<\/tr>\n<tr class=\"row-3\">\n\t<td class=\"column-1\">All for Love\t<\/td><td class=\"column-2\">Bryan Adams, arr. J. v. Kraeydonck<\/td>\n<\/tr>\n<tr class=\"row-4\">\n\t<td class=\"column-1\"><\/td><td class=\"column-2\"><\/td>\n<\/tr>\n<tr class=\"row-5\">\n\t<td class=\"column-1\"><b>Holzbl\u00e4serensemble\t<\/b><\/td><td class=\"column-2\"><b>Leitung: Jochen Rieber<br \/>\n<\/b><\/td>\n<\/tr>\n<tr class=\"row-6\">\n\t<td class=\"column-1\">Canon<\/td><td class=\"column-2\">Johann Pachelbel, arr. J. Rieber<\/td>\n<\/tr>\n<tr class=\"row-7\">\n\t<td class=\"column-1\">Alegria<\/td><td class=\"column-2\">Rene Dupere, arr. J. Rieber<\/td>\n<\/tr>\n<tr class=\"row-8\">\n\t<td class=\"column-1\"><\/td><td class=\"column-2\"><\/td>\n<\/tr>\n<tr class=\"row-9\">\n\t<td class=\"column-1\"><b>Gro\u00dfes Orchester und \u00e4nnergesangverein<\/b><\/td><td class=\"column-2\"><b>Leitung: Manfred Hengstler<br \/>\n<\/b><\/td>\n<\/tr>\n<tr class=\"row-10\">\n\t<td class=\"column-1\">Die Himmel r\u00fchmen\t<\/td><td class=\"column-2\">Ludwig van Beethoven<br \/>\n<\/td>\n<\/tr>\n<tr class=\"row-11\">\n\t<td class=\"column-1\"><\/td><td class=\"column-2\"><\/td>\n<\/tr>\n<tr class=\"row-12\">\n\t<td class=\"column-1\"><b>Gro\u00dfes Orchester\t<\/b><\/td><td class=\"column-2\"><b>Leitung: Jochen Rieber<br \/>\n<\/b><\/td>\n<\/tr>\n<tr class=\"row-13\">\n\t<td class=\"column-1\">Elisabeth Serenade\t<\/td><td class=\"column-2\">Ronald Binge, arr. G. Weinkopf<\/td>\n<\/tr>\n<tr class=\"row-14\">\n\t<td class=\"column-1\">Ungarische T\u00e4nze\t<\/td><td class=\"column-2\">Johannes Brahms, arr. J. Curnow<\/td>\n<\/tr>\n<tr class=\"row-15\">\n\t<td class=\"column-1\">Concerto d\u2019Amore\t<\/td><td class=\"column-2\">Jacob de Haan<br \/>\n<\/td>\n<\/tr>\n<tr class=\"row-16\">\n\t<td class=\"column-1\">Feliz Navidad\t<\/td><td class=\"column-2\">Jose Feliciano, arr. H. Briegel<\/td>\n<\/tr>\n<tr class=\"row-17\">\n\t<td class=\"column-1\"><\/td><td class=\"column-2\"><\/td>\n<\/tr>\n<tr class=\"row-18\">\n\t<td class=\"column-1\"><b>Gro\u00dfes Orchester<br \/>\nund Jugendkapelle<\/b><\/td><td class=\"column-2\"><b>Leitung: Jochen Rieber<\/b><\/td>\n<\/tr>\n<tr class=\"row-19\">\n\t<td class=\"column-1\">Nessaja<\/td><td class=\"column-2\">Peter Maffay, arr. K. G\u00e4ble<\/td>\n<\/tr>\n<tr class=\"row-20\">\n\t<td class=\"column-1\">S\u00fc\u00dfer die Glocken nie klingen\t<\/td><td class=\"column-2\">trad.<br \/>\n<\/td>\n<\/tr>\n<\/tbody>\n<\/table>\n<!-- #tablepress-20 from cache -->\n\n\n\n<h3 class=\"wp-block-heading\">Fr\u00fchjahrskonzert, Ostersonntag 23. M\u00e4rz 2008<\/h3>\n\n\n\n<table id=\"tablepress-21\" class=\"tablepress tablepress-id-21\">\n<tbody class=\"row-striping row-hover\">\n<tr class=\"row-1\">\n\t<td class=\"column-1\"><b>Mini-Jumu\t<\/b><\/td><td class=\"column-2\"><b>Leitung: Oliver Conzelmann<br \/>\n<\/b><\/td>\n<\/tr>\n<tr class=\"row-2\">\n\t<td class=\"column-1\">Irish Folk Dance\t<\/td><td class=\"column-2\"><\/td>\n<\/tr>\n<tr class=\"row-3\">\n\t<td class=\"column-1\">Hymne von Wales\t<\/td><td class=\"column-2\"><\/td>\n<\/tr>\n<tr class=\"row-4\">\n\t<td class=\"column-1\"><\/td><td class=\"column-2\"><\/td>\n<\/tr>\n<tr class=\"row-5\">\n\t<td class=\"column-1\"><b>Jugendkapelle\t<\/b><\/td><td class=\"column-2\"><b>Leitung: Anna Maria Mauz<br \/>\n<\/b><\/td>\n<\/tr>\n<tr class=\"row-6\">\n\t<td class=\"column-1\">Auf zum Start\t<\/td><td class=\"column-2\">Walter Tuschla<br \/>\n<\/td>\n<\/tr>\n<tr class=\"row-7\">\n\t<td class=\"column-1\">Einsamer Hirte\t<\/td><td class=\"column-2\">James Last, arr. J. Treves<\/td>\n<\/tr>\n<tr class=\"row-8\">\n\t<td class=\"column-1\">Easy Pop Suite\t<\/td><td class=\"column-2\">Dizzy Stratford<br \/>\n<\/td>\n<\/tr>\n<tr class=\"row-9\">\n\t<td class=\"column-1\">Heal the World\t<\/td><td class=\"column-2\">Michael Jackson<br \/>\n<\/td>\n<\/tr>\n<tr class=\"row-10\">\n\t<td class=\"column-1\"><\/td><td class=\"column-2\"><\/td>\n<\/tr>\n<tr class=\"row-11\">\n\t<td class=\"column-1\"><b>Gro\u00dfes Orchester\t<\/b><\/td><td class=\"column-2\"><b>Leitung: Jochen Rieber<br \/>\n<\/b><\/td>\n<\/tr>\n<tr class=\"row-12\">\n\t<td class=\"column-1\">Robin Hood\t<\/td><td class=\"column-2\">Michael Kamen, arr. E. Debs<br \/>\n<\/td>\n<\/tr>\n<tr class=\"row-13\">\n\t<td class=\"column-1\">La Storia\t<\/td><td class=\"column-2\">Jacob de Haan<br \/>\n<\/td>\n<\/tr>\n<tr class=\"row-14\">\n\t<td class=\"column-1\">Intermezzo aus Cavalleria Rusticana\t<\/td><td class=\"column-2\">Pietro Mascagni, arr. M. Mellaerts<\/td>\n<\/tr>\n<tr class=\"row-15\">\n\t<td class=\"column-1\">Pirates of the Caribbean\t<\/td><td class=\"column-2\">Klaus Badelt, arr. J. Wasson<\/td>\n<\/tr>\n<tr class=\"row-16\">\n\t<td class=\"column-1\">Die Schlittschuhl\u00e4ufer\t<\/td><td class=\"column-2\">Emil Waldteufel, arr. F. Watz<\/td>\n<\/tr>\n<tr class=\"row-17\">\n\t<td class=\"column-1\">Anitschka\t<\/td><td class=\"column-2\">Johan Nijs<br \/>\n<\/td>\n<\/tr>\n<tr class=\"row-18\">\n\t<td class=\"column-1\">Birdland\t<\/td><td class=\"column-2\">Pete Sinfield\/Andy Hill, arr. F. Bernaerts<\/td>\n<\/tr>\n<tr class=\"row-19\">\n\t<td class=\"column-1\">Kuschelpolka\t<\/td><td class=\"column-2\">Peter Schad<br \/>\n<\/td>\n<\/tr>\n<tr class=\"row-20\">\n\t<td class=\"column-1\">The Washington Post\t<\/td><td class=\"column-2\">John Philip Sousa, arr. F. Bummerl<\/td>\n<\/tr>\n<tr class=\"row-21\">\n\t<td class=\"column-1\">Rock\u2019n\u2019Roll Forever\t<\/td><td class=\"column-2\">Walter Schneider-Argenb\u00fchl, arr. S. McMillan<\/td>\n<\/tr>\n<\/tbody>\n<\/table>\n<!-- #tablepress-21 from cache -->\n","protected":false},"excerpt":{"rendered":"<p>Fr\u00fchjahrskonzert, Ostersonntag 05. April 2015 Fr\u00fchjahrskonzert, Ostersonntag 20. April 2014 Kirchenkonzert, Sonntag 22. Dezember 2013 Fr\u00fchjahrskonzert, Ostersonntag 31. M\u00e4rz 2013 Fr\u00fchjahrskonzert, Ostersonntag 08. April 2012 Kirchenkonzert, Sonntag 18. Dezember 2011 Fr\u00fchjahrskonzert, Ostersonntag 24. April 2011 Fr\u00fchjahrskonzert, Ostersonntag 04. April 2010 Fr\u00fchjahrskonzert, Ostersonntag 12. April 2009 Kirchenkonzert, Sonntag 21. Dezember 2008 Fr\u00fchjahrskonzert, Ostersonntag 23. M\u00e4rz 2008<\/p>\n","protected":false},"author":1,"featured_media":0,"parent":112,"menu_order":0,"comment_status":"closed","ping_status":"closed","template":"","meta":{"footnotes":""},"class_list":["post-241","page","type-page","status-publish","hentry"],"_links":{"self":[{"href":"http:\/\/mv-harthausen.de\/index.php?rest_route=\/wp\/v2\/pages\/241","targetHints":{"allow":["GET"]}}],"collection":[{"href":"http:\/\/mv-harthausen.de\/index.php?rest_route=\/wp\/v2\/pages"}],"about":[{"href":"http:\/\/mv-harthausen.de\/index.php?rest_route=\/wp\/v2\/types\/page"}],"author":[{"embeddable":true,"href":"http:\/\/mv-harthausen.de\/index.php?rest_route=\/wp\/v2\/users\/1"}],"replies":[{"embeddable":true,"href":"http:\/\/mv-harthausen.de\/index.php?rest_route=%2Fwp%2Fv2%2Fcomments&post=241"}],"version-history":[{"count":26,"href":"http:\/\/mv-harthausen.de\/index.php?rest_route=\/wp\/v2\/pages\/241\/revisions"}],"predecessor-version":[{"id":400,"href":"http:\/\/mv-harthausen.de\/index.php?rest_route=\/wp\/v2\/pages\/241\/revisions\/400"}],"up":[{"embeddable":true,"href":"http:\/\/mv-harthausen.de\/index.php?rest_route=\/wp\/v2\/pages\/112"}],"wp:attachment":[{"href":"http:\/\/mv-harthausen.de\/index.php?rest_route=%2Fwp%2Fv2%2Fmedia&parent=241"}],"curies":[{"name":"wp","href":"https:\/\/api.w.org\/{rel}","templated":true}]}}