{"id":162,"date":"2019-06-15T15:06:12","date_gmt":"2019-06-15T15:06:12","guid":{"rendered":"http:\/\/mv-harthausen.de\/?page_id=162"},"modified":"2019-06-17T16:51:02","modified_gmt":"2019-06-17T16:51:02","slug":"konzertprogramme-2002-2003","status":"publish","type":"page","link":"http:\/\/mv-harthausen.de\/?page_id=162","title":{"rendered":"Konzertprogramme 2002 &#8211; 2003"},"content":{"rendered":"\n<h3 class=\"wp-block-heading\"> Fr\u00fchjahrskonzert, Ostersonntag 20. April 2003<\/h3>\n\n\n\n<table id=\"tablepress-1\" class=\"tablepress tablepress-id-1\">\n<tbody class=\"row-striping row-hover\">\n<tr class=\"row-1\">\n\t<td class=\"column-1\"><b>Jugendkapelle<\/b><\/td><td class=\"column-2\"><b>Leitung: Jochen Rieber<\/b><\/td>\n<\/tr>\n<tr class=\"row-2\">\n\t<td class=\"column-1\">Largo aus den Vier Jahreszeiten\t<\/td><td class=\"column-2\">Antonion Vivaldi, arr. Willy Hautvast<\/td>\n<\/tr>\n<tr class=\"row-3\">\n\t<td class=\"column-1\">Andrew Lloyd Webber in Concert\t<\/td><td class=\"column-2\">Andrew Lloyd Webber, arr. Michael Sweeney<br \/>\n<\/td>\n<\/tr>\n<tr class=\"row-4\">\n\t<td class=\"column-1\">Young Band Dixie\t<\/td><td class=\"column-2\">Georg Stich<br \/>\n<\/td>\n<\/tr>\n<tr class=\"row-5\">\n\t<td class=\"column-1\">Alamo<\/td><td class=\"column-2\">Karl L. King<br \/>\n<\/td>\n<\/tr>\n<tr class=\"row-6\">\n\t<td class=\"column-1\"><\/td><td class=\"column-2\"><\/td>\n<\/tr>\n<tr class=\"row-7\">\n\t<td class=\"column-1\"><b>Musikverein<\/b>\t<\/td><td class=\"column-2\"><b>Leitung: Lothar Pawtowski<\/b><br \/>\n<\/td>\n<\/tr>\n<tr class=\"row-8\">\n\t<td class=\"column-1\">Emotionen<\/td><td class=\"column-2\">Kurt G\u00e4ble<br \/>\n<\/td>\n<\/tr>\n<tr class=\"row-9\">\n\t<td class=\"column-1\">Tirol 1809\t<\/td><td class=\"column-2\">Sepp Tanzer<br \/>\n<\/td>\n<\/tr>\n<tr class=\"row-10\">\n\t<td class=\"column-1\">Oregon<\/td><td class=\"column-2\">Jacob de Haan (Leitung: Jochen Rieber)<\/td>\n<\/tr>\n<tr class=\"row-11\">\n\t<td class=\"column-1\">To a new dawn<\/td><td class=\"column-2\">Philip Sparke<br \/>\n<\/td>\n<\/tr>\n<tr class=\"row-12\">\n\t<td class=\"column-1\">James Bond 007\t<\/td><td class=\"column-2\">arr. Johann de Mey<br \/>\n<\/td>\n<\/tr>\n<tr class=\"row-13\">\n\t<td class=\"column-1\">Herb Alpert Golden Hits\t<\/td><td class=\"column-2\">arr. Steve McMillan<br \/>\n<\/td>\n<\/tr>\n<tr class=\"row-14\">\n\t<td class=\"column-1\">Sandpaper Ballet\t<\/td><td class=\"column-2\">Leroy Anderson, arr. H. v. d. Heide Jacob de Haan<\/td>\n<\/tr>\n<tr class=\"row-15\">\n\t<td class=\"column-1\">Queen\u2019s Park Melody\t<\/td><td class=\"column-2\">Jacob de Haan<br \/>\n<\/td>\n<\/tr>\n<tr class=\"row-16\">\n\t<td class=\"column-1\">Mars de Medici\t<\/td><td class=\"column-2\">Johann Wichers<br \/>\n<\/td>\n<\/tr>\n<tr class=\"row-17\">\n\t<td class=\"column-1\">We have a dream\t<\/td><td class=\"column-2\">Dieter Bohlen, arr. Wolfgang W\u00f6ssner<\/td>\n<\/tr>\n<\/tbody>\n<\/table>\n\n\n\n\n<h3 class=\"wp-block-heading\">Fr\u00fchjahrskonzert, Ostersonntag 31. M\u00e4rz 2002<\/h3>\n\n\n\n<table id=\"tablepress-2\" class=\"tablepress tablepress-id-2\">\n<tbody class=\"row-striping row-hover\">\n<tr class=\"row-1\">\n\t<td class=\"column-1\"><b>Fl\u00f6tengruppe<\/b><\/td><td class=\"column-2\"><b>Leitung: Uwe Wagner<\/b><br \/>\n<\/td>\n<\/tr>\n<tr class=\"row-2\">\n\t<td class=\"column-1\">Regenlied\t<\/td><td class=\"column-2\">Trad.<br \/>\n<\/td>\n<\/tr>\n<tr class=\"row-3\">\n\t<td class=\"column-1\">Ist ein Mann in Brunnen gfalln\t<\/td><td class=\"column-2\">Trad.<br \/>\n<\/td>\n<\/tr>\n<tr class=\"row-4\">\n\t<td class=\"column-1\">When the Saints\t<\/td><td class=\"column-2\">Trad.<br \/>\n<\/td>\n<\/tr>\n<tr class=\"row-5\">\n\t<td class=\"column-1\"><\/td><td class=\"column-2\"><\/td>\n<\/tr>\n<tr class=\"row-6\">\n\t<td class=\"column-1\"><b>Jugendkapelle\t<\/b><\/td><td class=\"column-2\"><b>Leitung: Uwe Wagner<\/b><br \/>\n<\/td>\n<\/tr>\n<tr class=\"row-7\">\n\t<td class=\"column-1\">Jamaica Farewell\t<\/td><td class=\"column-2\">Traditional, arr. Philip Sparke<br \/>\n<\/td>\n<\/tr>\n<tr class=\"row-8\">\n\t<td class=\"column-1\">Aura Lee\t<\/td><td class=\"column-2\">arr. M Scherbacher<br \/>\n<\/td>\n<\/tr>\n<tr class=\"row-9\">\n\t<td class=\"column-1\">Tequila\t<\/td><td class=\"column-2\">arr.Paul Lavender<br \/>\n<\/td>\n<\/tr>\n<tr class=\"row-10\">\n\t<td class=\"column-1\"><\/td><td class=\"column-2\"><\/td>\n<\/tr>\n<tr class=\"row-11\">\n\t<td class=\"column-1\"><b>Blasorchester\t<\/b><\/td><td class=\"column-2\"><b>Leitung: Lothar Pawtowski<\/b><br \/>\n<\/td>\n<\/tr>\n<tr class=\"row-12\">\n\t<td class=\"column-1\">Two Movements\t<\/td><td class=\"column-2\">Kees Vlak<br \/>\n<\/td>\n<\/tr>\n<tr class=\"row-13\">\n\t<td class=\"column-1\">The Lord of the Rings\t<\/td><td class=\"column-2\">Johan de Meij<br \/>\n<\/td>\n<\/tr>\n<tr class=\"row-14\">\n\t<td class=\"column-1\">Rock Highlights\t<\/td><td class=\"column-2\">arr. Manfred Schneider<br \/>\n<\/td>\n<\/tr>\n<tr class=\"row-15\">\n\t<td class=\"column-1\">A tribute to Henry Mancini\t<\/td><td class=\"column-2\">arr. Mike Story<br \/>\n<\/td>\n<\/tr>\n<tr class=\"row-16\">\n\t<td class=\"column-1\">Alte Kameraden\t<\/td><td class=\"column-2\">Carl Teike<br \/>\n<\/td>\n<\/tr>\n<tr class=\"row-17\">\n\t<td class=\"column-1\">Walzertr\u00e4ume\t<\/td><td class=\"column-2\">Peter Schad<br \/>\n<\/td>\n<\/tr>\n<tr class=\"row-18\">\n\t<td class=\"column-1\">It\u2019s Raining Men\t<\/td><td class=\"column-2\">arr. Frank Bernaerts<br \/>\n<\/td>\n<\/tr>\n<tr class=\"row-19\">\n\t<td class=\"column-1\">Neuer Schwung\t<\/td><td class=\"column-2\">Peter Schad<br \/>\n<\/td>\n<\/tr>\n<tr class=\"row-20\">\n\t<td class=\"column-1\">The Glory of Love\t<\/td><td class=\"column-2\">Johan de Meij<br \/>\n<\/td>\n<\/tr>\n<tr class=\"row-21\">\n\t<td class=\"column-1\">Elisabeth<\/td><td class=\"column-2\">arr. Johan de Meij<br \/>\n<\/td>\n<\/tr>\n<tr class=\"row-22\">\n\t<td class=\"column-1\">Clarinet Candy\t<\/td><td class=\"column-2\">Leroy Anderson, arr. Siegfried Rundel<br \/>\n<\/td>\n<\/tr>\n<\/tbody>\n<\/table>\n\n","protected":false},"excerpt":{"rendered":"<p>Fr\u00fchjahrskonzert, Ostersonntag 20. April 2003 Fr\u00fchjahrskonzert, Ostersonntag 31. M\u00e4rz 2002<\/p>\n","protected":false},"author":1,"featured_media":0,"parent":112,"menu_order":0,"comment_status":"closed","ping_status":"closed","template":"","meta":{"footnotes":""},"class_list":["post-162","page","type-page","status-publish","hentry"],"_links":{"self":[{"href":"http:\/\/mv-harthausen.de\/index.php?rest_route=\/wp\/v2\/pages\/162","targetHints":{"allow":["GET"]}}],"collection":[{"href":"http:\/\/mv-harthausen.de\/index.php?rest_route=\/wp\/v2\/pages"}],"about":[{"href":"http:\/\/mv-harthausen.de\/index.php?rest_route=\/wp\/v2\/types\/page"}],"author":[{"embeddable":true,"href":"http:\/\/mv-harthausen.de\/index.php?rest_route=\/wp\/v2\/users\/1"}],"replies":[{"embeddable":true,"href":"http:\/\/mv-harthausen.de\/index.php?rest_route=%2Fwp%2Fv2%2Fcomments&post=162"}],"version-history":[{"count":24,"href":"http:\/\/mv-harthausen.de\/index.php?rest_route=\/wp\/v2\/pages\/162\/revisions"}],"predecessor-version":[{"id":316,"href":"http:\/\/mv-harthausen.de\/index.php?rest_route=\/wp\/v2\/pages\/162\/revisions\/316"}],"up":[{"embeddable":true,"href":"http:\/\/mv-harthausen.de\/index.php?rest_route=\/wp\/v2\/pages\/112"}],"wp:attachment":[{"href":"http:\/\/mv-harthausen.de\/index.php?rest_route=%2Fwp%2Fv2%2Fmedia&parent=162"}],"curies":[{"name":"wp","href":"https:\/\/api.w.org\/{rel}","templated":true}]}}